{"id":2903,"date":"2014-02-19T14:36:18","date_gmt":"2014-02-19T13:36:18","guid":{"rendered":"http:\/\/new.alagna.it\/wp\/?page_id=2903"},"modified":"2022-05-04T18:54:35","modified_gmt":"2022-05-04T16:54:35","slug":"lo-stambecco","status":"publish","type":"page","link":"https:\/\/www.alagna.it\/parco-naturale-alta-valsesia\/la-fauna\/lo-stambecco\/","title":{"rendered":"Lo Stambecco"},"content":{"rendered":"\n<p class=\"has-text-align-center\">&nbsp;<\/p>\n\n\n\n<p>Lo<strong> stambecco<\/strong> \u00e8 un mammifero dell\u2019ordine degli <strong>artiodattili<\/strong>. Il maschio dello stambecco \u00e8 caratterizzato da <strong>lunghe corna arcuate.<\/strong> La femmina, pi\u00f9 piccola, ha corna, che raggiungono i 30-35 cm. Il maschio vive in media 14-16 anni mentre la femmina pu\u00f2 superare i 20.&nbsp;Il<strong> colore del mantello cambia con il variare delle stagioni.<\/strong> Nel periodo estivo il pelo \u00e8 corto, di colore beige o bruno chiaro. In autunno cade lentamente ed \u00e8 sostituito da una spessa pelliccia con peli pi\u00f9 lunghi di un colore bruno scuro.<\/p>\n\n\n\n<p>Il pelo delle femmine \u00e8 castano chiaro, salvo il ventre che rimane piuttosto biancastro e le zampe che sono bruno scuro. Alla nascita, il pelo dei piccoli stambecchi \u00e8 invece di un colore beige rossastro.<\/p>\n\n\n\n<p><strong>Riproduzione:<\/strong> gli accoppiamenti <strong>avvengono<\/strong> durante i mesi di <strong>dicembre e gennaio<\/strong>. I maschi adulti ricercano le femmine in calore, mostrando caratteristici atteggiamenti di sottomissione: corna rovesciate sulla schiena, collo teso, coda alzata a pennacchio. Dopo una <strong>gestazione di circa 160-180 giorni<\/strong> nasce il piccolo, raramente due. Il neonato sta in piedi dopo pochi minuti ed \u00e8 subito in grado di seguire la madre sulle pareti a strapiombo.<\/p>\n\n\n\n<p><strong>Comportamento:<\/strong> lo stambecco \u00e8 un <strong>animale gregario<\/strong>; i branchi di maschi restano separati da quelli delle femmine e si riuniscono a essi solo nel periodo riproduttivo. I gruppi di maschi comprendono soggetti di et\u00e0 superiore ai 4-5 anni e possono, in primavera, raggiungere le 100 unit\u00e0. I soggetti pi\u00f9 vecchi tendono a una vita solitaria o sono aggregati in piccoli gruppi. I branchi di femmine raccolgono i piccoli e i giovani fino a due anni. Durante l\u2019estate si possono osservare le \u201cnurseries\u201d, in altre parole gruppi di capretti controllati da una o due femmine.<\/p>\n\n\n\n<p><strong>Dove vive:<\/strong> predilige in estate le<strong> quote elevate<\/strong>, anche sopra i 3000 m. In inverno sceglie versanti molto ripidi, preferibilmente a sud, tra i 1800 e i 2500 m, dove la neve scivola a valle lasciando il terreno scoperto. In primavera migra verso le zone pi\u00f9 basse, in cerca di erba novella. cosa mangia: \u00e8 un erbivoro che si nutre, pi\u00f9 di frequente, nelle ore pi\u00f9 fresche del mattino e della sera e a met\u00e0 giornata, si sdraia a ruminare. La dieta \u00e8 composta di erbe e germogli e in caso di necessit\u00e0, ma meno volentieri, di licheni e cortecce. In estate pu\u00f2 consumare anche 15-20 kg al giorno di vegetali, accumulando importanti riserve di grasso per l\u2019inverno. Come altri ungulati, \u00e8 ghiotto di sali minerali che ricerca e lecca nelle rocce.<\/p>\n\n\n\n<p><strong>Le corna:<\/strong> ha corna perenni che <strong>crescono di dimensione di anno in anno<\/strong> su un resistente supporto osseo (cavicchia). I maschi possiedono, nella parte anteriore dell\u2019astuccio corneo, delle caratteristiche nodosit\u00e0, poco evidenti nella femmina. Esaminando la parte posteriore, si possono notare i solchi dell\u2019arresto annuale della crescita in inverno, che d\u00e0 cos\u00ec modo di stabilire l\u2019et\u00e0 dell\u2019individuo.<\/p>\n\n\n\n<p>&nbsp;<\/p>\n","protected":false},"excerpt":{"rendered":"<p>&nbsp; Lo stambecco \u00e8 un mammifero dell\u2019ordine degli artiodattili. Il maschio dello stambecco \u00e8 caratterizzato da lunghe corna arcuate. La femmina, pi\u00f9 piccola, ha corna, che raggiungono i 30-35 cm. Il maschio vive in media 14-16 anni mentre la femmina pu\u00f2 superare i 20.&nbsp;Il colore del mantello cambia con il variare delle stagioni. Nel periodo [&hellip;]<\/p>\n","protected":false},"author":2,"featured_media":5812,"parent":2899,"menu_order":0,"comment_status":"open","ping_status":"closed","template":"","meta":{"_acf_changed":false,"_editorskit_title_hidden":false,"_editorskit_reading_time":0,"_editorskit_is_block_options_detached":false,"_editorskit_block_options_position":"{}","_mc_calendar":[],"footnotes":""},"class_list":["post-2903","page","type-page","status-publish","has-post-thumbnail","hentry"],"acf":[],"featured_image_src":"https:\/\/www.alagna.it\/wp-content\/uploads\/2014\/02\/fauna81.jpg","yoast_head":"<!-- This site is optimized with the Yoast SEO plugin v27.2 - https:\/\/yoast.com\/product\/yoast-seo-wordpress\/ -->\n<title>Lo Stambecco - Alagna<\/title>\n<meta name=\"description\" content=\"Lo stambecco \u00e8 un mammifero ungulato\" \/>\n<meta name=\"robots\" content=\"index, follow, max-snippet:-1, max-image-preview:large, max-video-preview:-1\" \/>\n<link rel=\"canonical\" href=\"https:\/\/www.alagna.it\/en\/parco-naturale-alta-valsesia\/la-fauna\/lo-stambecco\/\" \/>\n<meta property=\"og:locale\" content=\"en_US\" \/>\n<meta property=\"og:type\" content=\"article\" \/>\n<meta property=\"og:title\" content=\"Lo Stambecco - Alagna\" \/>\n<meta property=\"og:description\" content=\"Lo stambecco \u00e8 un mammifero ungulato\" \/>\n<meta property=\"og:url\" content=\"https:\/\/www.alagna.it\/parco-naturale-alta-valsesia\/la-fauna\/lo-stambecco\/\" \/>\n<meta property=\"og:site_name\" content=\"Alagna\" \/>\n<meta property=\"article:modified_time\" content=\"2022-05-04T16:54:35+00:00\" \/>\n<meta property=\"og:image\" content=\"https:\/\/www.alagna.it\/wp-content\/uploads\/2014\/02\/fauna81.jpg\" \/>\n\t<meta property=\"og:image:width\" content=\"897\" \/>\n\t<meta property=\"og:image:height\" content=\"437\" \/>\n\t<meta property=\"og:image:type\" content=\"image\/jpeg\" \/>\n<meta name=\"twitter:label1\" content=\"Est. reading time\" \/>\n\t<meta name=\"twitter:data1\" content=\"3 minutes\" \/>\n<script type=\"application\/ld+json\" class=\"yoast-schema-graph\">{\"@context\":\"https:\/\/schema.org\",\"@graph\":[{\"@type\":\"WebPage\",\"@id\":\"https:\/\/www.alagna.it\/parco-naturale-alta-valsesia\/la-fauna\/lo-stambecco\/\",\"url\":\"https:\/\/www.alagna.it\/parco-naturale-alta-valsesia\/la-fauna\/lo-stambecco\/\",\"name\":\"Lo Stambecco - Alagna\",\"isPartOf\":{\"@id\":\"https:\/\/www.alagna.it\/en\/#website\"},\"primaryImageOfPage\":{\"@id\":\"https:\/\/www.alagna.it\/parco-naturale-alta-valsesia\/la-fauna\/lo-stambecco\/#primaryimage\"},\"image\":{\"@id\":\"https:\/\/www.alagna.it\/parco-naturale-alta-valsesia\/la-fauna\/lo-stambecco\/#primaryimage\"},\"thumbnailUrl\":\"https:\/\/www.alagna.it\/wp-content\/uploads\/2014\/02\/fauna81.jpg\",\"datePublished\":\"2014-02-19T13:36:18+00:00\",\"dateModified\":\"2022-05-04T16:54:35+00:00\",\"description\":\"Lo stambecco \u00e8 un mammifero ungulato\",\"breadcrumb\":{\"@id\":\"https:\/\/www.alagna.it\/parco-naturale-alta-valsesia\/la-fauna\/lo-stambecco\/#breadcrumb\"},\"inLanguage\":\"en-US\",\"potentialAction\":[{\"@type\":\"ReadAction\",\"target\":[\"https:\/\/www.alagna.it\/parco-naturale-alta-valsesia\/la-fauna\/lo-stambecco\/\"]}]},{\"@type\":\"ImageObject\",\"inLanguage\":\"en-US\",\"@id\":\"https:\/\/www.alagna.it\/parco-naturale-alta-valsesia\/la-fauna\/lo-stambecco\/#primaryimage\",\"url\":\"https:\/\/www.alagna.it\/wp-content\/uploads\/2014\/02\/fauna81.jpg\",\"contentUrl\":\"https:\/\/www.alagna.it\/wp-content\/uploads\/2014\/02\/fauna81.jpg\",\"width\":897,\"height\":437},{\"@type\":\"BreadcrumbList\",\"@id\":\"https:\/\/www.alagna.it\/parco-naturale-alta-valsesia\/la-fauna\/lo-stambecco\/#breadcrumb\",\"itemListElement\":[{\"@type\":\"ListItem\",\"position\":1,\"name\":\"Home\",\"item\":\"https:\/\/www.alagna.it\/en\/\"},{\"@type\":\"ListItem\",\"position\":2,\"name\":\"Parco naturale Alta Valsesia\",\"item\":\"https:\/\/www.alagna.it\/en\/parco-naturale-alta-valsesia\/\"},{\"@type\":\"ListItem\",\"position\":3,\"name\":\"Fauna del Parco Naturale Alta Valsesia\",\"item\":\"https:\/\/www.alagna.it\/en\/parco-naturale-alta-valsesia\/la-fauna\/\"},{\"@type\":\"ListItem\",\"position\":4,\"name\":\"Lo Stambecco\"}]},{\"@type\":\"WebSite\",\"@id\":\"https:\/\/www.alagna.it\/en\/#website\",\"url\":\"https:\/\/www.alagna.it\/en\/\",\"name\":\"Alagna\",\"description\":\"Vacanze Valsesia e Vacanze Monte Rosa\",\"publisher\":{\"@id\":\"https:\/\/www.alagna.it\/en\/#organization\"},\"potentialAction\":[{\"@type\":\"SearchAction\",\"target\":{\"@type\":\"EntryPoint\",\"urlTemplate\":\"https:\/\/www.alagna.it\/en\/?s={search_term_string}\"},\"query-input\":{\"@type\":\"PropertyValueSpecification\",\"valueRequired\":true,\"valueName\":\"search_term_string\"}}],\"inLanguage\":\"en-US\"},{\"@type\":\"Organization\",\"@id\":\"https:\/\/www.alagna.it\/en\/#organization\",\"name\":\"Alagna\",\"url\":\"https:\/\/www.alagna.it\/en\/\",\"logo\":{\"@type\":\"ImageObject\",\"inLanguage\":\"en-US\",\"@id\":\"https:\/\/www.alagna.it\/en\/#\/schema\/logo\/image\/\",\"url\":\"https:\/\/www.alagna.it\/wp-content\/uploads\/2023\/04\/primavera-logo-payoff.svg\",\"contentUrl\":\"https:\/\/www.alagna.it\/wp-content\/uploads\/2023\/04\/primavera-logo-payoff.svg\",\"width\":918,\"height\":319,\"caption\":\"Alagna\"},\"image\":{\"@id\":\"https:\/\/www.alagna.it\/en\/#\/schema\/logo\/image\/\"}}]}<\/script>\n<!-- \/ Yoast SEO plugin. -->","yoast_head_json":{"title":"Lo Stambecco - Alagna","description":"Lo stambecco \u00e8 un mammifero ungulato","robots":{"index":"index","follow":"follow","max-snippet":"max-snippet:-1","max-image-preview":"max-image-preview:large","max-video-preview":"max-video-preview:-1"},"canonical":"https:\/\/www.alagna.it\/en\/parco-naturale-alta-valsesia\/la-fauna\/lo-stambecco\/","og_locale":"en_US","og_type":"article","og_title":"Lo Stambecco - Alagna","og_description":"Lo stambecco \u00e8 un mammifero ungulato","og_url":"https:\/\/www.alagna.it\/parco-naturale-alta-valsesia\/la-fauna\/lo-stambecco\/","og_site_name":"Alagna","article_modified_time":"2022-05-04T16:54:35+00:00","og_image":[{"width":897,"height":437,"url":"https:\/\/www.alagna.it\/wp-content\/uploads\/2014\/02\/fauna81.jpg","type":"image\/jpeg"}],"twitter_misc":{"Est. reading time":"3 minutes"},"schema":{"@context":"https:\/\/schema.org","@graph":[{"@type":"WebPage","@id":"https:\/\/www.alagna.it\/parco-naturale-alta-valsesia\/la-fauna\/lo-stambecco\/","url":"https:\/\/www.alagna.it\/parco-naturale-alta-valsesia\/la-fauna\/lo-stambecco\/","name":"Lo Stambecco - Alagna","isPartOf":{"@id":"https:\/\/www.alagna.it\/en\/#website"},"primaryImageOfPage":{"@id":"https:\/\/www.alagna.it\/parco-naturale-alta-valsesia\/la-fauna\/lo-stambecco\/#primaryimage"},"image":{"@id":"https:\/\/www.alagna.it\/parco-naturale-alta-valsesia\/la-fauna\/lo-stambecco\/#primaryimage"},"thumbnailUrl":"https:\/\/www.alagna.it\/wp-content\/uploads\/2014\/02\/fauna81.jpg","datePublished":"2014-02-19T13:36:18+00:00","dateModified":"2022-05-04T16:54:35+00:00","description":"Lo stambecco \u00e8 un mammifero ungulato","breadcrumb":{"@id":"https:\/\/www.alagna.it\/parco-naturale-alta-valsesia\/la-fauna\/lo-stambecco\/#breadcrumb"},"inLanguage":"en-US","potentialAction":[{"@type":"ReadAction","target":["https:\/\/www.alagna.it\/parco-naturale-alta-valsesia\/la-fauna\/lo-stambecco\/"]}]},{"@type":"ImageObject","inLanguage":"en-US","@id":"https:\/\/www.alagna.it\/parco-naturale-alta-valsesia\/la-fauna\/lo-stambecco\/#primaryimage","url":"https:\/\/www.alagna.it\/wp-content\/uploads\/2014\/02\/fauna81.jpg","contentUrl":"https:\/\/www.alagna.it\/wp-content\/uploads\/2014\/02\/fauna81.jpg","width":897,"height":437},{"@type":"BreadcrumbList","@id":"https:\/\/www.alagna.it\/parco-naturale-alta-valsesia\/la-fauna\/lo-stambecco\/#breadcrumb","itemListElement":[{"@type":"ListItem","position":1,"name":"Home","item":"https:\/\/www.alagna.it\/en\/"},{"@type":"ListItem","position":2,"name":"Parco naturale Alta Valsesia","item":"https:\/\/www.alagna.it\/en\/parco-naturale-alta-valsesia\/"},{"@type":"ListItem","position":3,"name":"Fauna del Parco Naturale Alta Valsesia","item":"https:\/\/www.alagna.it\/en\/parco-naturale-alta-valsesia\/la-fauna\/"},{"@type":"ListItem","position":4,"name":"Lo Stambecco"}]},{"@type":"WebSite","@id":"https:\/\/www.alagna.it\/en\/#website","url":"https:\/\/www.alagna.it\/en\/","name":"Alagna","description":"Vacanze Valsesia e Vacanze Monte Rosa","publisher":{"@id":"https:\/\/www.alagna.it\/en\/#organization"},"potentialAction":[{"@type":"SearchAction","target":{"@type":"EntryPoint","urlTemplate":"https:\/\/www.alagna.it\/en\/?s={search_term_string}"},"query-input":{"@type":"PropertyValueSpecification","valueRequired":true,"valueName":"search_term_string"}}],"inLanguage":"en-US"},{"@type":"Organization","@id":"https:\/\/www.alagna.it\/en\/#organization","name":"Alagna","url":"https:\/\/www.alagna.it\/en\/","logo":{"@type":"ImageObject","inLanguage":"en-US","@id":"https:\/\/www.alagna.it\/en\/#\/schema\/logo\/image\/","url":"https:\/\/www.alagna.it\/wp-content\/uploads\/2023\/04\/primavera-logo-payoff.svg","contentUrl":"https:\/\/www.alagna.it\/wp-content\/uploads\/2023\/04\/primavera-logo-payoff.svg","width":918,"height":319,"caption":"Alagna"},"image":{"@id":"https:\/\/www.alagna.it\/en\/#\/schema\/logo\/image\/"}}]}},"_links":{"self":[{"href":"https:\/\/www.alagna.it\/en\/wp-json\/wp\/v2\/pages\/2903","targetHints":{"allow":["GET"]}}],"collection":[{"href":"https:\/\/www.alagna.it\/en\/wp-json\/wp\/v2\/pages"}],"about":[{"href":"https:\/\/www.alagna.it\/en\/wp-json\/wp\/v2\/types\/page"}],"author":[{"embeddable":true,"href":"https:\/\/www.alagna.it\/en\/wp-json\/wp\/v2\/users\/2"}],"replies":[{"embeddable":true,"href":"https:\/\/www.alagna.it\/en\/wp-json\/wp\/v2\/comments?post=2903"}],"version-history":[{"count":0,"href":"https:\/\/www.alagna.it\/en\/wp-json\/wp\/v2\/pages\/2903\/revisions"}],"up":[{"embeddable":true,"href":"https:\/\/www.alagna.it\/en\/wp-json\/wp\/v2\/pages\/2899"}],"wp:featuredmedia":[{"embeddable":true,"href":"https:\/\/www.alagna.it\/en\/wp-json\/wp\/v2\/media\/5812"}],"wp:attachment":[{"href":"https:\/\/www.alagna.it\/en\/wp-json\/wp\/v2\/media?parent=2903"}],"curies":[{"name":"wp","href":"https:\/\/api.w.org\/{rel}","templated":true}]}}